{"id":245,"date":"2014-08-05T19:25:14","date_gmt":"2014-08-05T19:25:14","guid":{"rendered":"http:\/\/clunymma.wordpress.com\/?page_id=245"},"modified":"2014-11-30T21:26:03","modified_gmt":"2014-11-30T21:26:03","slug":"cronologia-de-1851-a-1900","status":"publish","type":"page","link":"https:\/\/cluny.com.br\/?page_id=245","title":{"rendered":"Cronologia de 1851 a 1900"},"content":{"rendered":"\n<table id=\"tablepress-63\" class=\"tablepress tablepress-id-63\">\n<thead>\n<tr class=\"row-1\">\n\t<th class=\"column-1\">Per\u00edodo (d.C.)<\/th><th class=\"column-2\">Tema<\/th><th class=\"column-3\">Evento<\/th>\n<\/tr>\n<\/thead>\n<tbody class=\"row-striping row-hover\">\n<tr class=\"row-2\">\n\t<td class=\"column-1\"><\/td><td class=\"column-2\"><\/td><td class=\"column-3\"><\/td>\n<\/tr>\n<tr class=\"row-3\">\n\t<td class=\"column-1\">1851<\/td><td class=\"column-2\">Literatura<\/td><td class=\"column-3\">Publica\u00e7\u00e3o  do romance <strong><em>\"Moby Dick\"<\/em> <\/strong>do autor norte-americano <strong>Herman Melville<\/strong> (1819-1891).<\/td>\n<\/tr>\n<tr class=\"row-4\">\n\t<td class=\"column-1\">dezembro, 1851<\/td><td class=\"column-2\">Fran\u00e7a<\/td><td class=\"column-3\"><strong>Lu\u00eds Napole\u00e3o<\/strong> dissolve a Assembl\u00e9ia Legislativa.<\/td>\n<\/tr>\n<tr class=\"row-5\">\n\t<td class=\"column-1\">1851 a 1860<\/td><td class=\"column-2\">Austr\u00e1lia<\/td><td class=\"column-3\">Corrida do ouro na regi\u00e3o de <strong>Victoria<\/strong>.<\/td>\n<\/tr>\n<tr class=\"row-6\">\n\t<td class=\"column-1\">1852<\/td><td class=\"column-2\">Literatura<\/td><td class=\"column-3\">Publica\u00e7\u00e3o do romance <strong><em>\"A Cabana do Pai Tom\u00e1s\"<\/em><\/strong>, escrito pela norte-americana <strong>Harriet Beecher Stowe<\/strong> (1811-1896). <\/td>\n<\/tr>\n<tr class=\"row-7\">\n\t<td class=\"column-1\"><\/td><td class=\"column-2\"><\/td><td class=\"column-3\"><em>Esse  livro, mostrando a crueldade da escravid\u00e3o, exerce grande impacto na sociedade do norte dos Estados Unidos a qual passa a se posicionar fortemente contra o regime escravocrata.<\/em><\/td>\n<\/tr>\n<tr class=\"row-8\">\n\t<td class=\"column-1\">novembro, 1852<\/td><td class=\"column-2\">Fran\u00e7a<\/td><td class=\"column-3\">Atrav\u00e9s de plebiscito, os franceses apoiam a institui\u00e7\u00e3o do <strong>Segundo  Imp\u00e9rio <\/strong>com <strong>Lu\u00eds Napole\u00e3o<\/strong> o qual  passa a se intitular <strong>Napole\u00e3o III<\/strong>.<\/td>\n<\/tr>\n<tr class=\"row-9\">\n\t<td class=\"column-1\">1853 a 1856<\/td><td class=\"column-2\">Europa<\/td><td class=\"column-3\"><strong>Guerra da Crimeia<\/strong>: conflito travado  entre a <strong>R\u00fassia<\/strong> e uma alian\u00e7a  composta por <strong>Fran\u00e7a, Inglaterra <\/strong>e <strong>Imp\u00e9rio Turco-Otomano<\/strong>. A  guerra termina com a derrota russa. Pelo <strong>Tratado de Paris<\/strong>, assinado em 30 de mar\u00e7o de 1856, os russos tiveram que devolver v\u00e1rios territ\u00f3rios tomados aos otomanos, al\u00e9m de outras san\u00e7\u00f5es. <\/td>\n<\/tr>\n<tr class=\"row-10\">\n\t<td class=\"column-1\"><\/td><td class=\"column-2\"><\/td><td class=\"column-3\"><em><strong>Origem<\/strong>: essa guerra, cuja maior parte dos embates ocorreu na <strong>Pen\u00ednsula da Crimeia<\/strong>  teve como estopim  a disputa pela supremacia no controle dos lugares santos do Cristianismo em territ\u00f3rios otomanos, principalmente em <strong>Jerusal\u00e9m<\/strong>. Tanto a R\u00fassia, que defendia a igreja Grega Ortodoxa,  como a Fran\u00e7a, protetora da comunidade cat\u00f3lica, advogavam esse direito.  Quando o sult\u00e3o turco  aceitou a tese francesa, os russos deram in\u00edcio \u00e0 guerra atacando e destruindo uma frota turca no Mar Negro (<strong>Batalha de Sinop<\/strong> - 30 de novembro de 1853). Esse fato foi o pretexto para Fran\u00e7a e Inglaterra declararem guerra \u00e0  R\u00fassia e, assim,  tentarem impedir  o expansionismo russo pelos territ\u00f3rios turco-otomanos.<\/em><\/td>\n<\/tr>\n<tr class=\"row-11\">\n\t<td class=\"column-1\"><\/td><td class=\"column-2\"><\/td><td class=\"column-3\"><em>A <strong>Guerra da Crimeia<\/strong> foi a primeira guerra  coberta pelo <strong>tel\u00e9grafo<\/strong>. Foi tamb\u00e9m nessa guerra que a enfermeira inglesa <strong>Florence Nightingale<\/strong> ganhou grande destaque com seu trabalho humanit\u00e1rio de ajuda aos feridos, principalmente durante  o cerco da cidade de <strong>Sebastopol<\/strong>.<\/em><\/td>\n<\/tr>\n<tr class=\"row-12\">\n\t<td class=\"column-1\">1854<\/td><td class=\"column-2\">Jap\u00e3o<\/td><td class=\"column-3\">Comandante da marinha dos Estados Unidos <strong>Matthew Perry<\/strong>  for\u00e7a os japoneses a abrir alguns de seus portos ao com\u00e9rcio norte-americano (<strong>Tratado de Kanagawa<\/strong>).<\/td>\n<\/tr>\n<tr class=\"row-13\">\n\t<td class=\"column-1\">1856<\/td><td class=\"column-2\">Ci\u00eancia e Tecnologia<\/td><td class=\"column-3\">Inaugurada na cidade romena de Ploiesti, regi\u00e3o da Val\u00e1quia, a primeira grande refinaria de petr\u00f3leo do mundo.<\/td>\n<\/tr>\n<tr class=\"row-14\">\n\t<td class=\"column-1\">1856 a 1860<\/td><td class=\"column-2\">China \/ Inglaterra<\/td><td class=\"column-3\"><strong>Segunda  Guerra do \u00d3pio<\/strong>:  este segundo conflito come\u00e7ou ap\u00f3s um incidente em que oficiais chineses abordaram o navio <strong><em>\"Arrow\"<\/em><\/strong> de bandeira inglesa. A Fran\u00e7a apoiou as opera\u00e7\u00f5es militares inglesas. Em 1860, tropas anglo-francesas invadiram Pequim e incendiaram dois importantes pal\u00e1cios. A China,  novamente derrotada, foi obrigada a aceitar os termos da  <strong>Conven\u00e7\u00e3o de Pequim<\/strong>, que concedia v\u00e1rios privil\u00e9gios aos ocidentais: abertura de outros portos ao com\u00e9rcio internacional, autoriza\u00e7\u00e3o para instala\u00e7\u00e3o de embaixadas em sua capital, legaliza\u00e7\u00e3o da importa\u00e7\u00e3o de \u00f3pio, etc. <\/td>\n<\/tr>\n<tr class=\"row-15\">\n\t<td class=\"column-1\">1857<\/td><td class=\"column-2\">Literatura<\/td><td class=\"column-3\">Publica\u00e7\u00e3o do romance <strong><em>\"Madame Bovary\"<\/em> <\/strong>do escritor franc\u00eas <strong>Gustave Flaubert<\/strong> (1821-1880). Esse livro causou grande esc\u00e2ndalo na sociedade pela forma como o tema \"adult\u00e9rio\" foi abordado, o que levou o autor a ser julgado por <em>\"ofensas \u00e0 moral\"<\/em>.<\/td>\n<\/tr>\n<tr class=\"row-16\">\n\t<td class=\"column-1\">1858<\/td><td class=\"column-2\">\u00cdndia<\/td><td class=\"column-3\">Governo do pa\u00eds entregue \u00e0 Coroa brit\u00e2nica.<\/td>\n<\/tr>\n<tr class=\"row-17\">\n\t<td class=\"column-1\">1859<\/td><td class=\"column-2\">It\u00e1lia<\/td><td class=\"column-3\">In\u00edcio do movimento de liberta\u00e7\u00e3o e unifica\u00e7\u00e3o do territ\u00f3rio italiano.<\/td>\n<\/tr>\n<tr class=\"row-18\">\n\t<td class=\"column-1\"><\/td><td class=\"column-2\"><\/td><td class=\"column-3\"><strong>Unifica\u00e7\u00e3o da It\u00e1lia<\/strong>: ap\u00f3s o fracasso da revolu\u00e7\u00e3o de 1848 na It\u00e1lia, o ideal de unifica\u00e7\u00e3o do pa\u00eds ressurgiu forte no final da d\u00e9cada de 1850. Nestsa \u00e9poca, o territ\u00f3rio italiano ainda estava bastante fragmentado com  pequenos estados, como o Reino das <strong>Duas Sicilias<\/strong>, o Reino do <strong>Piemonte-Sardenha<\/strong>, o Reino <strong>Lombardo-V\u00eaneto<\/strong>, os <strong>Estados Papais<\/strong>, diversos ducados, etc. A situa\u00e7\u00e3o ainda era agravada pelo fato de alguns desses estados estarem sob o dom\u00ednio austr\u00edaco. Contudo, gra\u00e7as \u00e0 atua\u00e7\u00e3o de alguns importantes  movimentos nacionalistas (<em>Risorgimento<\/em>, liderado pelo <strong>Conde de Cavour<\/strong>, primeiro-ministro do  Piemonte e os <em>camisas-vermelhas<\/em> comandados por <strong>Giuseppe Garibaldi<\/strong>), o processo de unifica\u00e7\u00e3o pode ser conclu\u00eddo em 1870.<\/td>\n<\/tr>\n<tr class=\"row-19\">\n\t<td class=\"column-1\">novembro, 1859<\/td><td class=\"column-2\">Ci\u00eancia e Tecnologia<\/td><td class=\"column-3\"><strong>Charles Darwin<\/strong> publica <strong><em>\"A Origem das Esp\u00e9cies\"<\/em><\/strong>, um dos livros de maior impacto no campo da Biologia e Antropologia.  Nele, o naturalista ingl\u00eas exp\u00f5e a sua  <strong>\"Teoria da Evolu\u00e7\u00e3o das Esp\u00e9cies\"<\/strong> atrav\u00e9s da sele\u00e7\u00e3o natural. Essa doutrina evolucionista gerou (e ainda gera) grandes controv\u00e9rsias, por chocar-se com a vis\u00e3o b\u00edblica da <strong>Cria\u00e7\u00e3o<\/strong>.<\/td>\n<\/tr>\n<tr class=\"row-20\">\n\t<td class=\"column-1\">1860 a 1914<\/td><td class=\"column-2\">Revolu\u00e7\u00e3o Industrial<\/td><td class=\"column-3\"><strong>Segunda Fase<\/strong>: o a\u00e7o substitui o ferro como mat\u00e9ria-prima mais importante e a eletricidade e os derivados de petr\u00f3leo sobrepujam o  vapor como fonte de energia. Nessa nova fase,  a <strong>Revolu\u00e7\u00e3o Industrial<\/strong> se expande por outros pa\u00edses da Europa (B\u00e9lgica, Fran\u00e7a, Alemanha, It\u00e1lia), al\u00e9m de atingir tamb\u00e9m os Estados Unidos e  o Jap\u00e3o. O capitalismo passa a ser monopolista, com cart\u00e9is de empresas controlando os pre\u00e7os e o mercado. Entre as   inven\u00e7\u00f5es fundamentais desse per\u00edodo est\u00e3o o <strong>Processo de Bessemer<\/strong> que possibilita a transforma\u00e7\u00e3o do ferro em a\u00e7o dando grande impulso \u00e0 siderurgia e o motor a combust\u00e3o, aperfei\u00e7oado por <strong>Rudolf Diesel<\/strong>, que permite a utiliza\u00e7\u00e3o do petr\u00f3leo em navios e locomotivas e abre caminho para a inven\u00e7\u00e3o do autom\u00f3vel e do avi\u00e3o.<\/td>\n<\/tr>\n<tr class=\"row-21\">\n\t<td class=\"column-1\">mar\u00e7o, 1861<\/td><td class=\"column-2\">Estados Unidos<\/td><td class=\"column-3\"><strong>Abraham Lincoln<\/strong>  \u00e9 empossado como o  16\u00ba presidente do pa\u00eds, governando at\u00e9 1865 quando foi assassinado.<\/td>\n<\/tr>\n<tr class=\"row-22\">\n\t<td class=\"column-1\">17 de mar\u00e7o, 1861<\/td><td class=\"column-2\">It\u00e1lia<\/td><td class=\"column-3\"><strong>Vit\u00f3rio Emanuel II<\/strong>, rei do <strong>Piemonte-Sardenha<\/strong>, \u00e9 coroado  primeiro monarca da It\u00e1lia unificada. Seu reinado se  estende at\u00e9 1878.<\/td>\n<\/tr>\n<tr class=\"row-23\">\n\t<td class=\"column-1\">abril, 1861 a abril, 1865<\/td><td class=\"column-2\">Estados Unidos<\/td><td class=\"column-3\"><strong>Guerra Civil Americana<\/strong> (ou <strong>Guerra da Secess\u00e3o<\/strong>): conflito que dividiu os Estados Unidos durante quatro anos. De um lado, os estados do norte fi\u00e9is \u00e0 Uni\u00e3o e, do outro, os estados  sulistas que se rebelaram  e proclamaram um novo pa\u00eds denominado <strong>Estados Confederados da Am\u00e9rica<\/strong>. Em termos gerais, pode-se afirmar que essa guerra foi um conflito entre duas sociedades bastante diferentes: a nortista, cuja economia se baseava na manufatura e empregando trabalhadores livres e a sulista, fortemente agr\u00e1ria (principalmente algod\u00e3o, tabaco, cana-de-a\u00e7\u00facar), voltada para exporta\u00e7\u00f5es e com intenso uso de m\u00e3o-de-obra escrava.<\/td>\n<\/tr>\n<tr class=\"row-24\">\n\t<td class=\"column-1\"><\/td><td class=\"column-2\"><\/td><td class=\"column-3\"><em><strong>Causas<\/strong>: embora existissem diversos pontos de disc\u00f3rdia entre os interesses dos nortistas e sulistas (tarifas de importa\u00e7\u00e3o; pre\u00e7o das novas terras conquistadas aos \u00edndios ou compradas da Fran\u00e7a ou do M\u00e9xico; valor do dinheiro, etc), o motivo principal que desencadeou a guerra foi, sem d\u00favida alguma, a quest\u00e3o da escravid\u00e3o.  O norte se horrorizava com as crueldades perpetradas pelos fazendeiros sulistas contra os escravos, o que veio a mobilizar a opini\u00e3o p\u00fablica e provocar acalorados debates pol\u00edticos.<\/em><\/td>\n<\/tr>\n<tr class=\"row-25\">\n\t<td class=\"column-1\">12 de abril, 1861<\/td><td class=\"column-2\">Estados Unidos \/ Guerra Civil<\/td><td class=\"column-3\">For\u00e7as confederadas atacam o <strong>Forte Sumter<\/strong> na <strong>Carolina do Sul<\/strong> dando in\u00edcio \u00e0 guerra.<\/td>\n<\/tr>\n<tr class=\"row-26\">\n\t<td class=\"column-1\">janeiro, 1862<\/td><td class=\"column-2\">M\u00e9xico<\/td><td class=\"column-3\"><strong>Interven\u00e7\u00e3o estrangeira<\/strong>: a suspens\u00e3o do pagamento de  empr\u00e9stimos contra\u00eddos junto a pa\u00edses europeus, acarreta a invas\u00e3o do M\u00e9xico pela Fran\u00e7a de Napole\u00e3o III, apoiada por Inglaterra e Espanha.  O  presidente Benito Juarez \u00e9 deposto.<\/td>\n<\/tr>\n<tr class=\"row-27\">\n\t<td class=\"column-1\">setembro, 1862<\/td><td class=\"column-2\">Alemanha<\/td><td class=\"column-3\"><strong>Otto von Bismarck<\/strong>  \u00e9 nomeado primeiro-ministro do Reino da Pr\u00fassia, tendo como objetivo principal a unifica\u00e7\u00e3o dos estados alem\u00e3es em um \u00fanico pa\u00eds, sob a lideran\u00e7a da Pr\u00fassia.<\/td>\n<\/tr>\n<tr class=\"row-28\">\n\t<td class=\"column-1\"><\/td><td class=\"column-2\"><\/td><td class=\"column-3\"><em>Nesta \u00e9poca, os estados alem\u00e3es constitu\u00edam a <strong>Confedera\u00e7\u00e3o Germ\u00e2nica<\/strong>, um conglomerado de 38 unidades pol\u00edticas (reinos, principados, ducados, etc), criado no <strong>Congresso de Viena<\/strong>.<\/em><\/td>\n<\/tr>\n<tr class=\"row-29\">\n\t<td class=\"column-1\">outubro, 1862<\/td><td class=\"column-2\">Paraguai<\/td><td class=\"column-3\">Morre o presidente Carlos Antonio Lopez. Seu filho, <strong>Francisco Solano Lopez<\/strong>, \u00e9 nomeado presidente por um per\u00edodo de dez anos.<\/td>\n<\/tr>\n<tr class=\"row-30\">\n\t<td class=\"column-1\">outubro, 1862<\/td><td class=\"column-2\">Argentina<\/td><td class=\"column-3\">Eleito presidente Bartolom\u00e9 Mitre que fica no governo at\u00e9 1868.<\/td>\n<\/tr>\n<tr class=\"row-31\">\n\t<td class=\"column-1\">1863<\/td><td class=\"column-2\">Literatura<\/td><td class=\"column-3\">Publicado <strong><em>\"Cinco Semanas em um Bal\u00e3o\"<\/em><\/strong>, um dos primeiros livros do escritor franc\u00eas <strong>J\u00falio Verne<\/strong> (1828-1905), considerado o precursor da fic\u00e7\u00e3o cient\u00edfica. Depois vieram outros romances tamb\u00e9m famosos, como <strong><em>\"Viagem ao Centro da Terra\"<\/em><\/strong> (1864); <strong><em>\"Da Terra \u00e0 Lua\" <\/em><\/strong>(1865); <strong><em>\"Vinte Mil L\u00e9guas Submarinas\" <\/em><\/strong>(1869) e <strong><em>\"A Volta ao Mundo em 80 Dias\"<\/em> <\/strong>(1873). <\/td>\n<\/tr>\n<tr class=\"row-32\">\n\t<td class=\"column-1\">julho, 1863<\/td><td class=\"column-2\">Estados Unidos \/ Guerra Civil<\/td><td class=\"column-3\">Ex\u00e9rcito nortista derrota as tropas confederadas comandadas pelo general <strong>Robert Lee<\/strong>, em <strong>Gettysburg<\/strong> na Pensilv\u00e2nia, ponto mais setentrional atingido pelos sulistas.<\/td>\n<\/tr>\n<tr class=\"row-33\">\n\t<td class=\"column-1\">1864<\/td><td class=\"column-2\">Ci\u00eancia e Tecnologia<\/td><td class=\"column-3\"><strong>Louis Pasteur<\/strong> (1822-1895), qu\u00edmico franc\u00eas, descobre o processo que possibilita a elimina\u00e7\u00e3o de micro-organismos nocivos \u00e0 sa\u00fade presentes em alimentos (<em>pasteuriza\u00e7\u00e3o<\/em>).<\/td>\n<\/tr>\n<tr class=\"row-34\">\n\t<td class=\"column-1\">mar\u00e7o, 1864<\/td><td class=\"column-2\">Estados Unidos \/ Guerra Civil<\/td><td class=\"column-3\">Presidente Abraham Lincoln nomeia o general <strong>Ulisses Grant<\/strong> comandante geral de todos os ex\u00e9rcitos da Uni\u00e3o.<\/td>\n<\/tr>\n<tr class=\"row-35\">\n\t<td class=\"column-1\"><\/td><td class=\"column-2\"><\/td><td class=\"column-3\"><em>Ulisses Grant se tornaria, posteriormente, o 18\u00ba  presidente dos Estados Unidos, governando de 1869 a 1877.<\/em><\/td>\n<\/tr>\n<tr class=\"row-36\">\n\t<td class=\"column-1\">1864<\/td><td class=\"column-2\">Alemanha<\/td><td class=\"column-3\"><strong>Guerra dos Ducados<\/strong>: Pr\u00fassia e \u00c1ustria derrotam a Dinamarca em disputa pela regi\u00e3o do <strong>Schleswig-Holstein<\/strong>. Essa guerra foi o primeiro passo rumo \u00e0 unifica\u00e7\u00e3o alem\u00e3.<\/td>\n<\/tr>\n<tr class=\"row-37\">\n\t<td class=\"column-1\">junho, 1864 a maio, 1867<\/td><td class=\"column-2\">M\u00e9xico<\/td><td class=\"column-3\"><strong>Imp\u00e9rio Mexicano<\/strong>: com o apoio de conservadores mexicanos e de pot\u00eancias europ\u00e9ias, o M\u00e9xico se transforma numa monarquia, tendo como imperador o arquiduque <strong>Maximiliano de Habsburgo<\/strong>, irm\u00e3o do imperador austr\u00edaco <strong>Francisco Jos\u00e9<\/strong>. Maximiliano I reinou  de 1864 a 1867, quando foi capturado pelos republicanos e fuzilado (19 de junho de 1867).<\/td>\n<\/tr>\n<tr class=\"row-38\">\n\t<td class=\"column-1\">setembro, 1864<\/td><td class=\"column-2\">Inglaterra<\/td><td class=\"column-3\"><strong>Karl Marx<\/strong> (1818-1883), fil\u00f3sofo e economista alem\u00e3o, organiza a <strong>I Internacional Comunista<\/strong> (Associa\u00e7\u00e3o Internacional do Trabalho), reunindo representantes de partidos de esquerda e sindicatos de trabalhadores com o objetivo de lutar pelos ideais comunistas.<\/td>\n<\/tr>\n<tr class=\"row-39\">\n\t<td class=\"column-1\"><\/td><td class=\"column-2\"><\/td><td class=\"column-3\"><strong><em>Comunismo<\/strong> \u00e9 a doutrina pol\u00edtica e econ\u00f4mica que preconiza uma sociedade sem classes  baseada  em um sistema no qual n\u00e3o haveria propriedade privada. Os meios de produ\u00e7\u00e3o seriam coletivos e a riqueza distribu\u00edda de forma igualit\u00e1ria segundo as necessidades de cada indiv\u00edduo.<\/em><\/td>\n<\/tr>\n<tr class=\"row-40\">\n\t<td class=\"column-1\">dezembro, 1864 a mar\u00e7o, 1870<\/td><td class=\"column-2\">Am\u00e9rica do Sul<\/td><td class=\"column-3\"><strong>Guerra do Paraguai<\/strong>: Brasil, apoiado pela Argentina e Uruguai, derrota as for\u00e7as do ditador <strong>Solano Lopez<\/strong> pondo  fim \u00e0s ambi\u00e7\u00f5es expansionistas dos paraguaios. <br \/>\n<em>(obs.: vide detalhes dessa guerra, na cronologia \"Reino Unido e Imp\u00e9rio\" da Hist\u00f3ria do Brasil)<\/em><\/td>\n<\/tr>\n<tr class=\"row-41\">\n\t<td class=\"column-1\"><\/td><td class=\"column-2\"><\/td><td class=\"column-3\"><em>Fora do Brasil, esta guerra \u00e9 conhecida como <strong>Guerra da Tr\u00edplice Alian\u00e7a<\/strong>. No Paraguai \u00e9 chamada de <strong>Grande Guerra<\/strong>.<\/em><\/td>\n<\/tr>\n<tr class=\"row-42\">\n\t<td class=\"column-1\">9 de abril, 1865<\/td><td class=\"column-2\">Estados Unidos \/ Guerra Civil<\/td><td class=\"column-3\">General <strong>Robert Lee<\/strong>, comandante geral das tropas confederadas,  apresenta a rendi\u00e7\u00e3o dos sulistas ao general <strong>Ulisses Grant<\/strong>, em <strong>Appomattox<\/strong>, na Virginia. Contudo, somente no final de junho as \u00faltimas tropas sulistas se renderam.<\/td>\n<\/tr>\n<tr class=\"row-43\">\n\t<td class=\"column-1\"><\/td><td class=\"column-2\"><\/td><td class=\"column-3\"><em><strong>Consequ\u00eancias<\/strong>: a <strong>Guerra da Secess\u00e3o <\/strong> acarretou um forte impacto na hist\u00f3ria dos Estados Unidos deixando, por mais de um s\u00e9culo, profundas cicatrizes na sociedade. O n\u00famero de mortos dos dois lados em conflito foi extremamente alto. Estima-se que mais de 600 mil americanos tenham morrido durante os combates, o que excede em muito as perdas americanas em outras guerras. (Por exemplo, na Segunda Guerra Mundial, os Estados Unidos perderam cerca de 300 mil soldados).<\/em><\/td>\n<\/tr>\n<tr class=\"row-44\">\n\t<td class=\"column-1\">14 de abril, 1865<\/td><td class=\"column-2\">Estados Unidos<\/td><td class=\"column-3\">Presidente <strong>Abraham Lincoln<\/strong> \u00e9 alvejado  por <strong>John Wilkes Booth<\/strong>, um ator teatral e fan\u00e1tico defensor da causa confederada, enquanto assistia a uma pe\u00e7a no <strong>Teatro Ford<\/strong> em <strong>Washington, DC<\/strong>. Viria a falecer no dia seguinte (15 de abril), sendo o primeiro presidente norte-americano a ser assassinado durante seu mandato.<\/td>\n<\/tr>\n<tr class=\"row-45\">\n\t<td class=\"column-1\">27 de abril, 1865<\/td><td class=\"column-2\">Estados Unidos<\/td><td class=\"column-3\">Naufr\u00e1gio do vapor <strong>Sultana<\/strong>, no <strong>Rio Mississippi<\/strong>, pr\u00f3ximo \u00e0 cidade de <strong>Memphis<\/strong>, no Tennessee,  causa a morte de cerca de 1700 pessoas, a grande maioria soldados do ex\u00e9rcito nortista  que retornavam da rec\u00e9m-terminada Guerra da Secess\u00e3o.<\/td>\n<\/tr>\n<tr class=\"row-46\">\n\t<td class=\"column-1\"><\/td><td class=\"column-2\"><\/td><td class=\"column-3\"><em>Esse acidente, provocado pela explos\u00e3o de uma das caldeiras do navio, \u00e9 considerado um dos maiores naufr\u00e1gios da Hist\u00f3ria em termos de vidas perdidas, inclusive superando a trag\u00e9dia do Titanic.<\/em><\/td>\n<\/tr>\n<tr class=\"row-47\">\n\t<td class=\"column-1\">dezembro, 1865<\/td><td class=\"column-2\">Estados Unidos<\/td><td class=\"column-3\">Um grupo de sulistas racistas funda, no <strong>Tennessee<\/strong>, a organiza\u00e7\u00e3o  <strong>Ku Klux Klan <\/strong>voltada  para manter a supremacia dos brancos protestantes e impedir a ascens\u00e3o social dos negros rec\u00e9m-libertados ap\u00f3s o fim da Guerra Civil Americana.<\/td>\n<\/tr>\n<tr class=\"row-48\">\n\t<td class=\"column-1\"><\/td><td class=\"column-2\"><\/td><td class=\"column-3\"><em>Inicialmente, a Ku Klux Klan tinha como alvo os negros, contudo, com o tempo, passou tamb\u00e9m a considerar \"inimigos\" os judeus,\u00a0os cat\u00f3licos e os imigrantes. Suas a\u00e7\u00f5es violentas fizeram com que fosse banida em 1872. Em 1915, surgiu um novo grupo utilizando o mesmo nome que chegou a ter mais de quatro milh\u00f5es de adeptos na d\u00e9cada de 1920. Ap\u00f3s a Grande Depress\u00e3o dos anos 30 e a Segunda Guerra Mundial, a organiza\u00e7\u00e3o entrou em franca decad\u00eancia.\u00a0<\/em><\/td>\n<\/tr>\n<tr class=\"row-49\">\n\t<td class=\"column-1\">junho a julho, 1866<\/td><td class=\"column-2\">Alemanha<\/td><td class=\"column-3\"><strong>Guerra Austro-Prussiana<\/strong>: a vit\u00f3ria dos prussianos sobre os austr\u00edacos na <strong>Batalha de Sadowa<\/strong> (ou Batalha de K\u00f6niggr\u00e4tz)  em 3 de julho de 1866 marcou o fim desta guerra, tamb\u00e9m conhecida como <strong>Guerra das Sete Semanas<\/strong>.<\/td>\n<\/tr>\n<tr class=\"row-50\">\n\t<td class=\"column-1\"><\/td><td class=\"column-2\"><\/td><td class=\"column-3\"><em>Essa vit\u00f3ria transformou a Pr\u00fassia na principal pot\u00eancia da Europa central. Os estados alem\u00e3es do norte foram ent\u00e3o reorganizados em uma nova confedera\u00e7\u00e3o, sob lideran\u00e7a da Pr\u00fassia: a <strong>Confedera\u00e7\u00e3o Germ\u00e2nica do Norte<\/strong>.  Mas, a anexa\u00e7\u00e3o dos estados do sul encontrava forte obje\u00e7\u00e3o da Fran\u00e7a que temia uma Alemanha unificada desequilibrando o equil\u00edbrio de for\u00e7as na Europa. Assim, Bismarck concluiu que a unifica\u00e7\u00e3o alem\u00e3 somente seria poss\u00edvel se a Prussia vencesse os franceses.<\/em><\/td>\n<\/tr>\n<tr class=\"row-51\">\n\t<td class=\"column-1\">1866<\/td><td class=\"column-2\">Literatura<\/td><td class=\"column-3\">Publica\u00e7\u00e3o de <strong><em>\"Crime e Castigo\"<\/em><\/strong>, um dos mais famosos romances do escritor russo <strong>Fi\u00f3dor Dostoievski<\/strong> (1821-1881). Em 1879, seria publicado outro importante livro do autor:  <strong><em>\"Os Irm\u00e3os Karamazov\"<\/em><\/strong>. <\/td>\n<\/tr>\n<tr class=\"row-52\">\n\t<td class=\"column-1\">1866<\/td><td class=\"column-2\">Ci\u00eancia e Tecnologia<\/td><td class=\"column-3\">Primeira comunica\u00e7\u00e3o transatl\u00e2ntica atrav\u00e9s de cabo submarino.<\/td>\n<\/tr>\n<tr class=\"row-53\">\n\t<td class=\"column-1\">1867<\/td><td class=\"column-2\">Economia \/ Filosofia<\/td><td class=\"column-3\">Publica\u00e7\u00e3o do primeiro volume de <strong><em>\"O Capital\"<\/em><\/strong> (Das Kapital) de <strong>Karl Marx<\/strong>. (obs.: os outros dois volumes seriam publicados postumamente por <strong>Friedrich Engels<\/strong> (1820-1895), fil\u00f3sofo alem\u00e3o, principal colaborador de Marx).<\/td>\n<\/tr>\n<tr class=\"row-54\">\n\t<td class=\"column-1\">fevereiro, 1867<\/td><td class=\"column-2\">Imp\u00e9rio Austro-H\u00fangaro<\/td><td class=\"column-3\">Acordo austro-h\u00fangaro transforma o <strong>Imp\u00e9rio Austr\u00edaco<\/strong> em  uma monarquia dual na qual a Hungria passa a ter o mesmo status que a \u00c1ustria. Esse novo Imp\u00e9rio, denominado <strong>Austro-H\u00fangaro<\/strong>, iria durar at\u00e9 1918 quando \u00e9 dissolvido ap\u00f3s a derrota austr\u00edaca na Primeira Guerra Mundial.<\/td>\n<\/tr>\n<tr class=\"row-55\">\n\t<td class=\"column-1\">mar\u00e7o, 1867<\/td><td class=\"column-2\">Estados Unidos<\/td><td class=\"column-3\">Territ\u00f3rio do <strong>Alaska<\/strong> \u00e9 comprado da R\u00fassia.<\/td>\n<\/tr>\n<tr class=\"row-56\">\n\t<td class=\"column-1\">junho, 1867<\/td><td class=\"column-2\">M\u00e9xico<\/td><td class=\"column-3\"><strong>Imperador Maximiliano I<\/strong> \u00e9 deposto e fuzilado. Benito Juarez, l\u00edder dos revoltosos, restabelece a rep\u00fablica.<\/td>\n<\/tr>\n<tr class=\"row-57\">\n\t<td class=\"column-1\">julho, 1867<\/td><td class=\"column-2\">Canad\u00e1<\/td><td class=\"column-3\">Criada a <strong>Confedera\u00e7\u00e3o Canadense<\/strong> dando in\u00edcio ao processo de integra\u00e7\u00e3o das prov\u00edncias brit\u00e2nicas ao norte dos Estados Unidos.<\/td>\n<\/tr>\n<tr class=\"row-58\">\n\t<td class=\"column-1\">1868 a 1912<\/td><td class=\"column-2\">Jap\u00e3o<\/td><td class=\"column-3\"><strong>Per\u00edodo Meiji<\/strong>: imperador <strong>Matsuhito<\/strong> restaura o poder imperial  extinguindo o sistema feudal japon\u00eas, o <strong>xogunato<\/strong>. Com isso, encerrava-se tamb\u00e9m a import\u00e2ncia dos <strong>samurais<\/strong>.  O Jap\u00e3o se abr\u00eda para o mundo  e iniciava o seu processo de moderniza\u00e7\u00e3o, logo se tornando  uma pot\u00eancia mundial com as vit\u00f3rias nas <strong>Guerras Sino-Japonesa<\/strong> e <strong>Russo-Japonesa<\/strong>.<\/td>\n<\/tr>\n<tr class=\"row-59\">\n\t<td class=\"column-1\"><\/td><td class=\"column-2\"><\/td><td class=\"column-3\"><strong><em>Os xoguns<\/strong>, senhores feudais japoneses, exerciam o poder no Jap\u00e3o desde o s\u00e9culo XII. Em 1868, os mais de 270 xoguns existentes no pa\u00eds renunciaram aos seus poderes locais e prestaram obedi\u00eancia ao governo central do imperador.<\/em><\/td>\n<\/tr>\n<tr class=\"row-60\">\n\t<td class=\"column-1\"><\/td><td class=\"column-2\"><\/td><td class=\"column-3\"><em>Os <strong>samurais<\/strong> eram guerreiros aristocratas que serviam com disciplina e lealdade os seus senhores, os <strong>xoguns<\/strong>.<\/em><\/td>\n<\/tr>\n<tr class=\"row-61\">\n\t<td class=\"column-1\">1869<\/td><td class=\"column-2\">Literatura<\/td><td class=\"column-3\">Publica\u00e7\u00e3o do romance <strong><em>\"Guerra e Paz\"<\/em><\/strong> do escritor russo <strong>Leon Tolstoi<\/strong> (1828-1910).<\/td>\n<\/tr>\n<tr class=\"row-62\">\n\t<td class=\"column-1\">maio, 1869<\/td><td class=\"column-2\">Ferrovia<\/td><td class=\"column-3\">Inaugurada nos Estados Unidos a primeira ferrovia transcontinental ligando a rede de estradas de ferro da costa leste com a Calif\u00f3rnia, na costa oeste.<\/td>\n<\/tr>\n<tr class=\"row-63\">\n\t<td class=\"column-1\">novembro, 1869<\/td><td class=\"column-2\">Navega\u00e7\u00e3o<\/td><td class=\"column-3\">Abertura do <strong>Canal de Suez<\/strong>, no <strong>Egito<\/strong>, ligando o Mediterr\u00e2neo ao Mar Vermelho e, assim, eliminando a necessidade de contorno da \u00c1frica nas navega\u00e7\u00f5es entre  Europa e \u00c1sia. A constru\u00e7\u00e3o, conduzida pelo  franc\u00eas <strong>Ferdinand de Lesseps<\/strong>,  consumiu dez anos (1859 a 1869).<\/td>\n<\/tr>\n<tr class=\"row-64\">\n\t<td class=\"column-1\">1870<\/td><td class=\"column-2\">Jap\u00e3o<\/td><td class=\"column-3\">A capital \u00e9 transferida de Kioto para Tokio.<\/td>\n<\/tr>\n<tr class=\"row-65\">\n\t<td class=\"column-1\">julho de 1870 a maio de 1871<\/td><td class=\"column-2\">Fran\u00e7a \/ Alemanha<\/td><td class=\"column-3\"><strong>Guerra Franco-Prussiana<\/strong>: estados alem\u00e3es, liderados pela Pr\u00fassia, enfrentam e derrotam a Fran\u00e7a de Napole\u00e3o III. <\/td>\n<\/tr>\n<tr class=\"row-66\">\n\t<td class=\"column-1\"><\/td><td class=\"column-2\"><\/td><td class=\"column-3\"><strong><em>Causas da Guerra Franco-Prussiana<\/strong>:  o motivo principal dessa guerra,  h\u00e1 tanto almejada pela Pr\u00fassia, foi o fato de Napole\u00e3o III ter vetado a indica\u00e7\u00e3o  de um pr\u00edncipe alem\u00e3o da mesma dinastia (Hohenzollern) do rei prussiano para o trono espanhol. Mas o estopim  do conflito, foi o relato sobre um  encontro do rei prussiano, Guilherme I, com o embaixador franc\u00eas na Pr\u00fassia, na cidade de Bad Ems. Bismarck,  chanceler da Pr\u00fassia e interessado na guerra, alterou o texto do telegrama que relatava o acontecimento de maneira tal que os franceses se sentissem afrontados pelas palavras proferidas por  Guilherme I. Esse documento ficou conhecido como <strong>Despacho de Ems<\/strong>. Imediatamente ap\u00f3s a sua publica\u00e7\u00e3o, a Fran\u00e7a declarou guerra \u00e0 Pr\u00fassia (19 de julho, 1870).<\/em><\/td>\n<\/tr>\n<tr class=\"row-67\">\n\t<td class=\"column-1\"><\/td><td class=\"column-2\"><\/td><td class=\"column-3\"><strong><em>Consequ\u00eancias da Guerra<\/strong>: as principais foram: a conclus\u00e3o da unifica\u00e7\u00e3o alem\u00e3; o  fim do Segundo Imp\u00e9rio e  implanta\u00e7\u00e3o da Terceira Rep\u00fablica na Fran\u00e7a e a perda  dos territ\u00f3rios franceses da Als\u00e1cia e da Lorena para a Alemanha.<\/em><\/td>\n<\/tr>\n<tr class=\"row-68\">\n\t<td class=\"column-1\">1 de setembro, 1870<\/td><td class=\"column-2\">Guerra Franco-Prussiana<\/td><td class=\"column-3\"><strong>Batalha de Sedan<\/strong>: derrota humilhante dos franceses com a captura do imperador Napole\u00e3o III. Embora o conflito viesse a se estender at\u00e9 maio de 1871, a vit\u00f3ria prussiana nesta batalha  selou o destino da guerra em favor da Pr\u00fassia.<\/td>\n<\/tr>\n<tr class=\"row-69\">\n\t<td class=\"column-1\">setembro, 1870<\/td><td class=\"column-2\">Guerra Franco-Prussiana<\/td><td class=\"column-3\">Franceses derrubam o Segundo Imp\u00e9rio e estabelecem a <strong>Terceira Rep\u00fablica<\/strong> mas, mesmo assim, mant\u00e9m a guerra contra os prussianos.<\/td>\n<\/tr>\n<tr class=\"row-70\">\n\t<td class=\"column-1\">setembro  1870 a janeiro 1871<\/td><td class=\"column-2\">Guerra Franco-Prussiana<\/td><td class=\"column-3\">Prussianos sitiam Paris.<\/td>\n<\/tr>\n<tr class=\"row-71\">\n\t<td class=\"column-1\">18 de janeiro, 1871<\/td><td class=\"column-2\">Alemanha<\/td><td class=\"column-3\"><strong>Guilherme I<\/strong>, rei da Pr\u00fassia, \u00e9 coroado  imperador (kaiser) da Alemanha unificada, em cerim\u00f4nia realizada no <strong>Pal\u00e1cio de Versalhes<\/strong>, para humilha\u00e7\u00e3o dos franceses. Iniciava-se o <strong>Segundo Reich<\/strong>.<\/td>\n<\/tr>\n<tr class=\"row-72\">\n\t<td class=\"column-1\">10 de maio, 1871<\/td><td class=\"column-2\">Guerra Franco-Prussiana<\/td><td class=\"column-3\"><strong>Tratado de Frankfurt<\/strong> estabelece o fim da guerra, impondo \u00e0 Fran\u00e7a uma pesada indeniza\u00e7\u00e3o e a perda da rica regi\u00e3o da <strong>Als\u00e1cia<\/strong> e da <strong>Lorena<\/strong>.<\/td>\n<\/tr>\n<tr class=\"row-73\">\n\t<td class=\"column-1\">18 de mar\u00e7o, 1871<\/td><td class=\"column-2\">Fran\u00e7a<\/td><td class=\"column-3\"><strong>Comuna de Paris<\/strong>: povo toma conta da cidade, ap\u00f3s o levantamento do cerco  prussiano, e instaura um governo revolucion\u00e1rio formado por oper\u00e1rios, membros de organiza\u00e7\u00f5es socialistas e anarquistas, artistas, escritores. <\/td>\n<\/tr>\n<tr class=\"row-74\">\n\t<td class=\"column-1\"><\/td><td class=\"column-2\"><\/td><td class=\"column-3\"><em>As causas principais dessa revolta popular foram a frustra\u00e7\u00e3o pela derrota na guerra, o \u00f3dio aos prussianos e o rep\u00fadio ao armist\u00edcio assinado pelo governo provis\u00f3rio que substituiu Napole\u00e3o III.<\/em><\/td>\n<\/tr>\n<tr class=\"row-75\">\n\t<td class=\"column-1\"><\/td><td class=\"column-2\"><\/td><td class=\"column-3\"><em>A Comuna de Paris, considerada o primeiro governo popular da Hist\u00f3ria, atraiu a aten\u00e7\u00e3o de muitos pensadores famosos, como <strong>Karl Marx<\/strong>, <strong>Louis Blanc<\/strong> (socialista ut\u00f3pico franc\u00eas), <strong>Mikhail Bakunin<\/strong> (anarquista russo) e seguidores de <strong>Pierre Joseph Proudhon<\/strong> (anarquista franc\u00eas), entre outros.<\/em><\/td>\n<\/tr>\n<tr class=\"row-76\">\n\t<td class=\"column-1\">21 a 28 de maio, 1871<\/td><td class=\"column-2\">Fran\u00e7a \/ Comuna de Paris<\/td><td class=\"column-3\"><strong>Adolphe Thiers<\/strong>, l\u00edder do governo transit\u00f3rio franc\u00eas ap\u00f3s a a derrota para os prussianos e a queda de Napole\u00e3o III, comanda a repress\u00e3o final \u00e0 Comuna de Paris. Naquela semana, denominada <strong>Semana Sangrenta<\/strong>,  milhares de membros da Comuna (<em>communards<\/em>) ou pessoas confundidas com eles foram mortos nos confrontos nas ruas de Paris ou sumariamente executados. Calcula-se que mais de 20 mil pessoas tenham perdido a vida nesta ocasi\u00e3o.<\/td>\n<\/tr>\n<tr class=\"row-77\">\n\t<td class=\"column-1\"><\/td><td class=\"column-2\"><\/td><td class=\"column-3\"><em>Nos dias que antecederam \u00e0 derrota final da Comuna, seus membros incendiaram v\u00e1rios pr\u00e9dios importantes em Paris, entre eles o famoso <strong>Pal\u00e1cio das Tulherias<\/strong> e o <strong>H\u00f4tel de Ville<\/strong> (depois reconstru\u00eddo).<\/em><\/td>\n<\/tr>\n<tr class=\"row-78\">\n\t<td class=\"column-1\">outubro, 1871<\/td><td class=\"column-2\">Cat\u00e1strofes Naturais<\/td><td class=\"column-3\">Gigantesco inc\u00eandio destr\u00f3i um ter\u00e7o da cidade de <strong>Chicago<\/strong>. O fogo, que se espalhou durante dois dias, deixou trezentos mortos e quase 100 mil desabrigados.<\/td>\n<\/tr>\n<tr class=\"row-79\">\n\t<td class=\"column-1\">dezembro, 1872<\/td><td class=\"column-2\">Navega\u00e7\u00e3o<\/td><td class=\"column-3\"><strong>Enigma do Mary Celeste<\/strong>: embarca\u00e7\u00e3o encontrada abandonada e \u00e0 deriva no Oceano Atl\u00e2ntico vem a se tornar em um dos maiores mist\u00e9rios da navega\u00e7\u00e3o mundial.<\/td>\n<\/tr>\n<tr class=\"row-80\">\n\t<td class=\"column-1\"><\/td><td class=\"column-2\"><\/td><td class=\"column-3\"><em>O <strong>\"Mary Celeste\"<\/strong> era um bergantim que partira de Nova York no dia 5 de novembro de 1872 com carregamento de barris de  \u00e1lcool destinado a G\u00eanova na It\u00e1lia. Foi encontrado pr\u00f3ximo ao   <strong>Arquip\u00e9lago dos  A\u00e7ores<\/strong> pelo navio <strong>\"Dei Gratia\"<\/strong>. Estava totalmente abandonado. N\u00e3o havia ningu\u00e9m a bordo (al\u00e9m do capit\u00e3o Benjamin Briggs, o navio levava sua mulher, uma filhinha de dois anos e uma tripula\u00e7\u00e3o de sete marinheiros), embora  o interior do navio estivesse intacto e houvesse \u00e1gua e alimentos em bastante quantidade. Ao longo do tempo, surgiram  in\u00fameras vers\u00f5es para o ocorrido, mas o  mist\u00e9rio do \"Mary Celeste\" nunca foi desvendado, o que  fez surgir a fama de \"navio fantasma\".  Em 2001, mergulhadores disseram ter encontrado os destro\u00e7os da embarca\u00e7\u00e3o em um recife, nas costas do Haiti.<\/em><\/td>\n<\/tr>\n<tr class=\"row-81\">\n\t<td class=\"column-1\">abril, 1874<\/td><td class=\"column-2\">Artes Pl\u00e1sticas<\/td><td class=\"column-3\">Diante de recusas sucessivas do sal\u00e3o oficial de pintura de Paris (Salon de Paris) em expor quadros de jovens artistas parisienses que adotavam um novo estilo de pintura,  esses decidem por organizar sua pr\u00f3pria exposi\u00e7\u00e3o. Surge assim a primeira exibi\u00e7\u00e3o de quadros dos pintores que seriam chamados impressionistas: <strong>Camile Pissarro<\/strong>; <strong>Edouard Manet<\/strong>; <strong>Edgard Degas<\/strong>; <strong>Claude Monet<\/strong>; <strong>Pierre-Auguste Renoir<\/strong>,  entre outros. <\/td>\n<\/tr>\n<tr class=\"row-82\">\n\t<td class=\"column-1\"><\/td><td class=\"column-2\"><\/td><td class=\"column-3\"><em>O nome <strong>\"impressionismo\"<\/strong> se originou de um dos primeiros quadros de <strong>Claude Monet<\/strong> denominado\u00a0<strong>\"Impress\u00e3o: o Nascer do Sol\"<\/strong>. O movimento impressionista foi uma ruptura com a escola acad\u00eamica de pintura.\u00a0Seus pintores\u00a0n\u00e3o buscavam a representa\u00e7\u00e3o rigorosa da realidade, mas sim que seus quadros\u00a0dessem a impress\u00e3o\u00a0das coisas atrav\u00e9s de contornos em pinceladas soltas. As figuras eram um pouco deformadas.\u00a0Existia a preocupa\u00e7\u00e3o em captar os efeitos fugazes da luz. A prefer\u00eancia era pelas cores puras, por exemplo, o verde era obtido por pinceladas de azul e amarelo lado a lado, cabendo ao olho do observador mistur\u00e1-las.<\/em><\/td>\n<\/tr>\n<tr class=\"row-83\">\n\t<td class=\"column-1\">1876<\/td><td class=\"column-2\">Ci\u00eancia e Tecnologia<\/td><td class=\"column-3\"><strong>Alexander Graham Bell<\/strong>, inventor escoc\u00eas naturalizado norte-americano, patenteia o telefone.<\/td>\n<\/tr>\n<tr class=\"row-84\">\n\t<td class=\"column-1\"><\/td><td class=\"column-2\"><\/td><td class=\"column-3\"><em>A inven\u00e7\u00e3o do telefone por <strong>Graham Bell <\/strong>\u00e9, atualmente, bastante questionada, visto que <strong>Antonio Meucci<\/strong>, um italiano teria desenvolvido um aparelho de telefonia, muito antes, em 1856.<\/em><\/td>\n<\/tr>\n<tr class=\"row-85\">\n\t<td class=\"column-1\">1876<\/td><td class=\"column-2\">M\u00e9xico<\/td><td class=\"column-3\"><strong>Porfirio Diaz<\/strong> assume o governo e, com um breve intervalo, permanece no poder at\u00e9 maio de 1911.<\/td>\n<\/tr>\n<tr class=\"row-86\">\n\t<td class=\"column-1\">1877 - 1879<\/td><td class=\"column-2\">Ci\u00eancia e Tecnologia<\/td><td class=\"column-3\"><strong>Thomas Alva Edison<\/strong>, inventor norte-americano, desenvolve o primeiro  gramofone (1877) e a primeira l\u00e2mpada el\u00e9trica (1879).<\/td>\n<\/tr>\n<tr class=\"row-87\">\n\t<td class=\"column-1\">1877<\/td><td class=\"column-2\">Estados Unidos<\/td><td class=\"column-3\"><strong>Grande Greve das Estradas de Ferro<\/strong> paralisa todos os ferrovi\u00e1rios do pa\u00eds. Foi a primeira greve desta envergadura ocorrida no mundo.<\/td>\n<\/tr>\n<tr class=\"row-88\">\n\t<td class=\"column-1\">1877 a 1878<\/td><td class=\"column-2\">Europa<\/td><td class=\"column-3\"><strong>Guerra Russo-Turca<\/strong>: vit\u00f3ria russa for\u00e7a o Imp\u00e9rio Turco-Otomano a abandonar definitivamente a regi\u00e3o balc\u00e2nica (Bulg\u00e1ria e S\u00e9rvia).<\/td>\n<\/tr>\n<tr class=\"row-89\">\n\t<td class=\"column-1\">1878 a 1900<\/td><td class=\"column-2\">It\u00e1lia<\/td><td class=\"column-3\">Reinado de Umberto I, filho de Vit\u00f3rio Emanuel II.<\/td>\n<\/tr>\n<tr class=\"row-90\">\n\t<td class=\"column-1\">1879<\/td><td class=\"column-2\">\u00c1frica do Sul<\/td><td class=\"column-3\"><strong>Guerra Anglo-Zulu<\/strong> marca o fim da soberania dos zulus.<\/td>\n<\/tr>\n<tr class=\"row-91\">\n\t<td class=\"column-1\">1879 a 1881<\/td><td class=\"column-2\">Am\u00e9rica do Sul<\/td><td class=\"column-3\"><strong>Guerra do Pac\u00edfico<\/strong>: Chile derrota uma alian\u00e7a formada por Peru e Bol\u00edvia.  Em consequ\u00eancia dessa guerra, o Chile incorpora territ\u00f3rios desses dois pa\u00edses e a Bol\u00edvia perde a sua sa\u00edda para o Pac\u00edfico.<\/td>\n<\/tr>\n<tr class=\"row-92\">\n\t<td class=\"column-1\"><\/td><td class=\"column-2\"><\/td><td class=\"column-3\"><em>A causa principal desse conflito foi a disputa sobre  uma \u00e1rea do <strong>Deserto de Atacama<\/strong> rica em recursos minerais.<\/em><\/td>\n<\/tr>\n<tr class=\"row-93\">\n\t<td class=\"column-1\">c. 1880 a 1920<\/td><td class=\"column-2\">M\u00fasica<\/td><td class=\"column-3\">Surge o movimento <strong>Impressionista<\/strong>, in\u00edcio do modernismo na m\u00fasica erudita. Seus principais expoentes foram os franceses <strong>Claude Debussy<\/strong> e <strong>Maurice Ravel<\/strong>. O compositor franc\u00eas <strong>Erik Satie<\/strong> \u00e9 considerado por alguns como o precursor do Impressionismo na m\u00fasica,  contudo o pr\u00f3prio Satie discordava dessa ideia.<\/td>\n<\/tr>\n<tr class=\"row-94\">\n\t<td class=\"column-1\">11 de novembro, 1880<\/td><td class=\"column-2\">Austr\u00e1lia<\/td><td class=\"column-3\"><strong>Ned Kelly<\/strong>, o mais famoso bandoleiro do pa\u00eds, \u00e9 enforcado em Melbourne.<\/td>\n<\/tr>\n<tr class=\"row-95\">\n\t<td class=\"column-1\"><\/td><td class=\"column-2\"><\/td><td class=\"column-3\"><em>Ned Kelly, descendente de irlandeses,  liderou um bando que desafiou as autoridades inglesas a partir de 1878, cometendo assaltos a bancos e matando policiais. No seu \u00faltimo confronto com a pol\u00edcia, usava um capacete e uma placa de metal protegendo a cabe\u00e7a  e o peito. Dizem que, sendo o \u00faltimo remanescente de seu bando, acabou tendo de enfrentar sozinho cerca de 50 policiais. Ap\u00f3s sua morte, se tornou em uma lenda local por ter tido coragem de enfrentar as autoridades coloniais e  combater as injusti\u00e7as. Diversos filmes e livros relatam sua vida.<\/em><\/td>\n<\/tr>\n<tr class=\"row-96\">\n\t<td class=\"column-1\">dezembro 1880 a mar\u00e7o 1881<\/td><td class=\"column-2\">\u00c1frica do Sul<\/td><td class=\"column-3\"><strong>Primeira Guerra dos B\u00f4ers<\/strong>: ingleses s\u00e3o derrotados pelos b\u00f4ers, colonos sul-africanos descendentes de holandeses.<\/td>\n<\/tr>\n<tr class=\"row-97\">\n\t<td class=\"column-1\"><\/td><td class=\"column-2\"><\/td><td class=\"column-3\"><em>Essa guerra ocorreu ap\u00f3s a declara\u00e7\u00e3o de independ\u00eancia do <strong>Transvaal<\/strong> (regi\u00e3o no nordeste da \u00c1frica do Sul, colonizada pelos b\u00f4ers) que havia sido anexada ao Imp\u00e9rio Brit\u00e2nico em 1877. Apesar da vit\u00f3ria sobre os ingleses, os b\u00f4ers aceitaram um tratado no qual o Transvaal, embora  preservado como unidade pol\u00edtica, ficava sob protetorado da Inglaterra.<\/em><\/td>\n<\/tr>\n<tr class=\"row-98\">\n\t<td class=\"column-1\">mar\u00e7o, 1881<\/td><td class=\"column-2\">R\u00fassia<\/td><td class=\"column-3\">Czar <strong>Alexandre II<\/strong> assassinado por um grupo revolucion\u00e1rio.<\/td>\n<\/tr>\n<tr class=\"row-99\">\n\t<td class=\"column-1\">julho, 1881<\/td><td class=\"column-2\">Estados Unidos<\/td><td class=\"column-3\">Presidente <strong>James Garfield<\/strong> \u00e9 alvejado em uma esta\u00e7\u00e3o de trem em Washington, vindo a falecer em setembro. \u00c9 o segundo presidente norte-americano assassinado. O primeiro foi <strong>Abraham Lincoln<\/strong>.<\/td>\n<\/tr>\n<tr class=\"row-100\">\n\t<td class=\"column-1\">1882<\/td><td class=\"column-2\">Artes Pl\u00e1sticas<\/td><td class=\"column-3\">Escultor franc\u00eas <strong>Auguste Rodin<\/strong> termina sua obra mais famosa:  <em><strong>\"O Pensador\"<\/strong><\/em> (Le Penseur).<\/td>\n<\/tr>\n<tr class=\"row-101\">\n\t<td class=\"column-1\">maio, 1882<\/td><td class=\"column-2\">Europa<\/td><td class=\"column-3\"><strong>Alemanha<\/strong>, <strong>Imp\u00e9rio Austro-H\u00fangaro <\/strong>e <strong>It\u00e1lia<\/strong> se unem em um pacto de apoio militar formando a <strong>Tr\u00edplice Alian\u00e7a<\/strong>.<\/td>\n<\/tr>\n<tr class=\"row-102\">\n\t<td class=\"column-1\">agosto, 1882<\/td><td class=\"column-2\">Egito<\/td><td class=\"column-3\">Pa\u00eds \u00e9 ocupado pela Inglaterra, tornando-se um protetorado brit\u00e2nico at\u00e9 1922, quando obt\u00e9m sua independ\u00eancia.<\/td>\n<\/tr>\n<tr class=\"row-103\">\n\t<td class=\"column-1\">setembro, 1882<\/td><td class=\"column-2\">Ci\u00eancia e Tecnologia<\/td><td class=\"column-3\">Entra em opera\u00e7\u00e3o a primeira usina hidro-el\u00e9trica do mundo, localizada no Rio Fox em Wisconsin, Estados Unidos.<\/td>\n<\/tr>\n<tr class=\"row-104\">\n\t<td class=\"column-1\">1883<\/td><td class=\"column-2\">Arquitetura<\/td><td class=\"column-3\">In\u00edcio da constru\u00e7\u00e3o da <strong>Catedral da Sagrada Fam\u00edlia<\/strong> em <strong>Barcelona<\/strong>,  a mais famosa obra do arquiteto catal\u00e3o <strong>Antoni Gaud\u00ed<\/strong> (1852-1926). (obs.: essa igreja ainda se encontra em constru\u00e7\u00e3o prevendo-se que seu t\u00e9rmino venha a ocorrer somente em 2025).<\/td>\n<\/tr>\n<tr class=\"row-105\">\n\t<td class=\"column-1\">27 de agosto, 1883<\/td><td class=\"column-2\">Cat\u00e1strofes Naturais<\/td><td class=\"column-3\">Violenta erup\u00e7\u00e3o vulc\u00e2nica, talvez a mais devastadora dos tempos modernos, ocorre na <strong>Ilha de Krakatoa<\/strong> entre  Sumatra e Java, na Indon\u00e9sia, matando  cerca de 36 mil pessoas.<\/td>\n<\/tr>\n<tr class=\"row-106\">\n\t<td class=\"column-1\">outubro, 1883<\/td><td class=\"column-2\">Ferrovia<\/td><td class=\"column-3\">Inaugura\u00e7\u00e3o do <strong>\"Expresso do Oriente\"<\/strong>, luxuoso servi\u00e7o de trem  ligando Paris ao leste europeu. Inicialmente, o trem  ia at\u00e9 a cidade de Georgiu na Rom\u00eania, passando por Munique e Viena. Somente em 1889, a liga\u00e7\u00e3o completa entre Paris e Istambul foi conclu\u00edda.<\/td>\n<\/tr>\n<tr class=\"row-107\">\n\t<td class=\"column-1\">novembro 1884 a fevereiro 1885<\/td><td class=\"column-2\">\u00c1frica<\/td><td class=\"column-3\"><strong>Confer\u00eancia de Berlim<\/strong>: chanceler alem\u00e3o Otto von Bismarck re\u00fane, durante tr\u00eas meses, em Berlim, representantes das pot\u00eancias europ\u00e9ias e dos Estados Unidos para discutirem regras para uma nova <strong><em>\"partilha da \u00c1frica\"<\/em><\/strong>. O resultado dessa confer\u00eancia foi uma corrida para ocupar os territ\u00f3rios ainda livres no continente africano.<\/td>\n<\/tr>\n<tr class=\"row-108\">\n\t<td class=\"column-1\"><\/td><td class=\"column-2\"><\/td><td class=\"column-3\"><em>Muitos dos problemas enfrentados pelos pa\u00edses africanos na atualidade t\u00eam origem nessa divis\u00e3o colonialista que n\u00e3o respeitou as fronteiras, a hist\u00f3ria e a cultura dos diferentes povos que l\u00e1 habitavam.<\/em><\/td>\n<\/tr>\n<tr class=\"row-109\">\n\t<td class=\"column-1\">1885<\/td><td class=\"column-2\">Autom\u00f3vel<\/td><td class=\"column-3\">Engenheiro alem\u00e3o <strong> Karl Benz<\/strong> constr\u00f3i o primeiro autom\u00f3vel movido a gasolina, cuja patente foi obtida em janeiro de 1886.<\/td>\n<\/tr>\n<tr class=\"row-110\">\n\t<td class=\"column-1\">1885<\/td><td class=\"column-2\">Filosofia<\/td><td class=\"column-3\">Publicado o livro <strong><em>\"Assim Falou Zaratustra\"<\/em><\/strong>, uma das obras mais importantes do fil\u00f3sofo alem\u00e3o <strong>Friedrich Nietzsche<\/strong>.<\/td>\n<\/tr>\n<tr class=\"row-111\">\n\t<td class=\"column-1\">1885 a 1915<\/td><td class=\"column-2\">Artes Pl\u00e1sticas<\/td><td class=\"column-3\">Per\u00edodo denominado de <strong>P\u00f3s-Impressionismo<\/strong>, um elo de liga\u00e7\u00e3o entre o <strong>Impressionismo<\/strong> e as primeiras manifesta\u00e7\u00f5es modernistas, como o <strong>Cubismo<\/strong>.  Inaugurado por <strong>Paul C\u00e9zanne<\/strong>, inicialmente um pintor impressionista, a corrente p\u00f3s-impressionista apresentou grandes artistas como <strong>Vincent Van Gogh<\/strong>; <strong>Paul Gauguin<\/strong> e <strong>Toulouse-Lautrec<\/strong>.<\/td>\n<\/tr>\n<tr class=\"row-112\">\n\t<td class=\"column-1\">outubro, 1886<\/td><td class=\"column-2\">Estados Unidos<\/td><td class=\"column-3\">Inaugurada a <strong>\"Est\u00e1tua da Liberdade\"<\/strong> na entrada do porto de Nova York. Esculpida pelo escultor franc\u00eas <strong>Fr\u00e9d\u00e9ric Bartholdi<\/strong>, foi um presente da Fran\u00e7a aos norte-americanos.<\/td>\n<\/tr>\n<tr class=\"row-113\">\n\t<td class=\"column-1\">outubro, 1887<\/td><td class=\"column-2\">\u00c1sia<\/td><td class=\"column-3\">Cria\u00e7\u00e3o da <strong>Indochina Francesa<\/strong>, col\u00f4nia francesa no sudeste asi\u00e1tico reunindo as regi\u00f5es do Vietnam (Tonkin, Annan e Cochinchina), Camboja e Laos.<\/td>\n<\/tr>\n<tr class=\"row-114\">\n\t<td class=\"column-1\">maio, 1888<\/td><td class=\"column-2\">Brasil<\/td><td class=\"column-3\"><strong>Aboli\u00e7\u00e3o da Escravatura<\/strong>.<\/td>\n<\/tr>\n<tr class=\"row-115\">\n\t<td class=\"column-1\">1888 a 1918<\/td><td class=\"column-2\">Alemanha<\/td><td class=\"column-3\">Reinado do kaiser (imperador) <strong>Guilherme II<\/strong>.<\/td>\n<\/tr>\n<tr class=\"row-116\">\n\t<td class=\"column-1\">31 de mar\u00e7o, 1889<\/td><td class=\"column-2\">Fran\u00e7a<\/td><td class=\"column-3\">Inaugura\u00e7\u00e3o da <strong>Torre Eiffel<\/strong> em Paris. Constru\u00edda como marca da <strong>Exposi\u00e7\u00e3o Mundial de 1889<\/strong>, seu nome se deve a <strong>Gustave Eiffel<\/strong>,  engenheiro-chefe respons\u00e1vel pela obra.<\/td>\n<\/tr>\n<tr class=\"row-117\">\n\t<td class=\"column-1\">junho, 1889<\/td><td class=\"column-2\">Ferrovia<\/td><td class=\"column-3\">Parte de<strong> Paris<\/strong> (Gare de l'Est) a primeira composi\u00e7\u00e3o do <strong>\"Expresso do Oriente\"<\/strong> a fazer a viagem completa at\u00e9 <strong>Istambul<\/strong>  percorrendo 2900 km em tr\u00eas dias.<\/td>\n<\/tr>\n<tr class=\"row-118\">\n\t<td class=\"column-1\">novembro, 1889<\/td><td class=\"column-2\">Brasil<\/td><td class=\"column-3\"><strong>Proclama\u00e7\u00e3o da Rep\u00fablica<\/strong>.<\/td>\n<\/tr>\n<tr class=\"row-119\">\n\t<td class=\"column-1\">1890 a 1910<\/td><td class=\"column-2\">M\u00fasica<\/td><td class=\"column-3\">Per\u00edodo em que surge, no sul dos Estados Unidos, principalmente na regi\u00e3o de <strong>New Orleans<\/strong>, o <strong>jazz<\/strong>,  g\u00eanero musical fortemente influenciado por estilos afro-americanos como <strong>blues<\/strong> e <strong>ragtime<\/strong>,  e que ganhou notoriedade mundial a partir da d\u00e9cada de 1920.<\/td>\n<\/tr>\n<tr class=\"row-120\">\n\t<td class=\"column-1\"><\/td><td class=\"column-2\"><\/td><td class=\"column-3\"><strong><em>Blues<\/strong> \u00e9 uma modalidade vocal e instrumental cujas ra\u00edzes se encontram nos <strong>spirituals<\/strong> (cantos religiosos) dos escravos africanos vindos para trabalhar na Am\u00e9rica.<\/em><\/td>\n<\/tr>\n<tr class=\"row-121\">\n\t<td class=\"column-1\">julho, 1890<\/td><td class=\"column-2\">Artes Pl\u00e1sticas<\/td><td class=\"column-3\">Pintor holand\u00eas <strong>Vincent Van Gogh<\/strong> se suicida em Auvers-sur-Oise, na Fran\u00e7a.<\/td>\n<\/tr>\n<tr class=\"row-122\">\n\t<td class=\"column-1\">29 de dezembro, 1890<\/td><td class=\"column-2\">Estados Unidos<\/td><td class=\"column-3\"><strong>Massacre de Wounded Knee<\/strong>, Dakota do Sul: mais de  150 \u00edndios sioux s\u00e3o mortos pelas tropas americanas. Foi a \u00faltima batalha travada pelos americanos contra os \u00edndios.<\/td>\n<\/tr>\n<tr class=\"row-123\">\n\t<td class=\"column-1\">1891<\/td><td class=\"column-2\">Literatura<\/td><td class=\"column-3\">Publicado o romance <strong><em>\"O Retrato de Dorian Gray\"<\/em><\/strong> do escritor ingl\u00eas <strong>Oscar Wilde<\/strong>.<\/td>\n<\/tr>\n<tr class=\"row-124\">\n\t<td class=\"column-1\">1891<\/td><td class=\"column-2\">Ferrovia<\/td><td class=\"column-3\">Alexandre III, czar da R\u00fassia, autoriza a constru\u00e7\u00e3o da <strong>Transiberiana<\/strong>, a mais longa ferrovia do mundo  ligando <strong>S\u00e3o Petersburgo<\/strong>, na \u00e9poca capital russa, ao porto de <strong>Vladivostok <\/strong>no Oceano Pac\u00edfico. A ferrovia de mais de 9 mil quil\u00f4metros de extens\u00e3o somente seria totalmente inaugurada em 1916.<\/td>\n<\/tr>\n<tr class=\"row-125\">\n\t<td class=\"column-1\">agosto de 1894 a abril de 1895<\/td><td class=\"column-2\">China \/ Jap\u00e3o<\/td><td class=\"column-3\"><strong>Primeira Guerra Sino-Japonesa<\/strong>: disputa entre a dinastia chinesa <strong>Qing<\/strong> chinesa e a japonesa <strong>Meiji<\/strong>  sobre o controle da <strong>Cor\u00e9ia<\/strong>. A guerra foi ganha pelo Jap\u00e3o que conseguiu, assim, tirar a Cor\u00e9ia da \u00e1rea de influ\u00eancia chinesa.<\/td>\n<\/tr>\n<tr class=\"row-126\">\n\t<td class=\"column-1\">outubro, 1894<\/td><td class=\"column-2\">Fran\u00e7a<\/td><td class=\"column-3\"><strong>Alfred Dreyfus<\/strong>, oficial do ex\u00e9rcito franc\u00eas, \u00e9 preso sob acusa\u00e7\u00e3o de trai\u00e7\u00e3o a favor dos alem\u00e3es. Tem in\u00edcio o famoso <strong>Caso Dreyfus<\/strong>, considerado um dos maiores erros judici\u00e1rios da Hist\u00f3ria, e que se estendeu at\u00e9 1906,  dividindo a Fran\u00e7a entre os que defendiam a inoc\u00eancia de Dreyfus e os que acreditavam na sua culpa. Julgado por um tribunal militar, Dreyfus foi  condenado \u00e0 pris\u00e3o perp\u00e9tua na <strong>Ilha do Diabo<\/strong>, <strong>Guiana Francesa<\/strong>.<\/td>\n<\/tr>\n<tr class=\"row-127\">\n\t<td class=\"column-1\"><\/td><td class=\"column-2\"><\/td><td class=\"column-3\"><em>Pelo fato de Dreyfus ser judeu, o assunto gerou uma onda de anti-semitismo que se alastrou pelo pa\u00eds. Em 1897, foi descoberto o verdadeiro culpado, mas Dreyfus permanecia na pris\u00e3o, o que motivou o escritor franc\u00eas <strong>\u00c9mile Zola<\/strong> a escrever, em janeiro de 1898,  uma famosa carta aberta ao presidente da Fran\u00e7a, intitulada <strong>\"J'accuse\"<\/strong>, expondo aquela injusti\u00e7a. A reabertura do caso levou \u00e0 liberta\u00e7\u00e3o de Dreyfus em 1899, mas somente em 1906 seus direitos lhe foram restitu\u00eddos.<\/em><\/td>\n<\/tr>\n<tr class=\"row-128\">\n\t<td class=\"column-1\">novembro, 1895<\/td><td class=\"column-2\">Ci\u00eancia e Tecnologia<\/td><td class=\"column-3\">F\u00edsico alem\u00e3o <strong>Wilhelm R\u00f6ntgen<\/strong> descobre os raios-X.<\/td>\n<\/tr>\n<tr class=\"row-129\">\n\t<td class=\"column-1\">dezembro, 1895<\/td><td class=\"column-2\">Cinema<\/td><td class=\"column-3\">Irm\u00e3os franceses <strong>Auguste<\/strong> e <strong>Louis Lumi\u00e8re<\/strong> exibem em um caf\u00e9 no Boulevard des Capucines em Paris os primeiros filmes da Hist\u00f3ria.<\/td>\n<\/tr>\n<tr class=\"row-130\">\n\t<td class=\"column-1\"><\/td><td class=\"column-2\"><\/td><td class=\"column-3\"><em>Os filmes se constitu\u00edam na proje\u00e7\u00e3o de v\u00e1rias imagens animadas muito r\u00e1pidas (cerca de um minuto cada) mostrando cenas do dia-a-dia. Em uma sess\u00e3o  mostrando uma locomotiva se aproximando de uma esta\u00e7\u00e3o (L'Arriv\u00e9e d'un Train \u00e0 la Gare), a sensa\u00e7\u00e3o transmitida aos espectadores da \u00e9poca pareceu t\u00e3o realista que alguns, apavorados, tentaram fugir da sala!<\/em><\/td>\n<\/tr>\n<tr class=\"row-131\">\n\t<td class=\"column-1\">dezembro de 1895 a mar\u00e7o de 1896<\/td><td class=\"column-2\">Eti\u00f3pia<\/td><td class=\"column-3\"><strong>Primeira Guerra \u00cdtalo-Et\u00edope<\/strong>: conflito oriundo da tentativa italiana de dominar a <strong>Eti\u00f3pia<\/strong>.  Na <strong>Batalha de Adowa<\/strong>, os et\u00edopes derrotaram os italianos, venceram a guerra e garantiram  a independ\u00eancia do pa\u00eds.<\/td>\n<\/tr>\n<tr class=\"row-132\">\n\t<td class=\"column-1\">1896<\/td><td class=\"column-2\">Ci\u00eancia e Tecnologia<\/td><td class=\"column-3\">F\u00edsico italiano <strong>Guglielmo Marconi <\/strong>anuncia a inven\u00e7\u00e3o do r\u00e1dio, primeiro sistema de telegrafia sem fio.<\/td>\n<\/tr>\n<tr class=\"row-133\">\n\t<td class=\"column-1\">abril, 1896<\/td><td class=\"column-2\">Esporte<\/td><td class=\"column-3\"><strong>Primeiros Jogos Ol\u00edmpicos<\/strong> dos tempos modernos s\u00e3o realizados em <strong>Atenas<\/strong>.<\/td>\n<\/tr>\n<tr class=\"row-134\">\n\t<td class=\"column-1\"><\/td><td class=\"column-2\"><\/td><td class=\"column-3\"><em>A cria\u00e7\u00e3o dos Jogos Ol\u00edmpicos da era moderna, uma tentativa de se fazer renascer a experi\u00eancia grega da Antiguidade (c. 776 a.C. a 393 d.C.), foi fruto do idealismo do  bar\u00e3o franc\u00eas <strong>Pierre de Coubertin<\/strong>.<\/em><\/td>\n<\/tr>\n<tr class=\"row-135\">\n\t<td class=\"column-1\">agosto, 1896<\/td><td class=\"column-2\">Canad\u00e1<\/td><td class=\"column-3\">Tem in\u00edcio a corrida do ouro em <strong>Klondike<\/strong>, no noroeste canadense.<\/td>\n<\/tr>\n<tr class=\"row-136\">\n\t<td class=\"column-1\">1898<\/td><td class=\"column-2\">Estados Unidos \/ Espanha<\/td><td class=\"column-3\"><strong>Guerra Hispano-Americana<\/strong>: Estados Unidos vencem a  Espanha e assumem col\u00f4nias espanholas no Caribe (<strong>Cuba<\/strong> e <strong>Porto Rico<\/strong>) e no Pac\u00edfico (<strong>Filipinas<\/strong> e <strong>Guam<\/strong>). Esse conflito marcou o fim do dom\u00ednio espanhol na Am\u00e9rica.<\/td>\n<\/tr>\n<tr class=\"row-137\">\n\t<td class=\"column-1\">novembro de 1899  a  setembro de 1901<\/td><td class=\"column-2\">China<\/td><td class=\"column-3\"><strong>Revolta dos Boxers<\/strong> (ou Guerra dos Boxers): movimento nacionalista chin\u00eas contra as interven\u00e7\u00f5es e os privil\u00e9gios estrangeiros no pa\u00eds.  In\u00fameros atentados  ocorrem em v\u00e1rias regi\u00f5es da China. Muitos mission\u00e1rios crist\u00e3os s\u00e3o mortos. Uma coliga\u00e7\u00e3o de oito pa\u00edses (Jap\u00e3o, R\u00fassia, Inglaterra, Fran\u00e7a, Alemanha, It\u00e1lia, Imp\u00e9rio Austro-H\u00fangaro e Estados Unidos) derrota os rebeldes. A China \u00e9 obrigada a  fazer novas concess\u00f5es econ\u00f4micas \u00e0s pot\u00eancias estrangeiras.<\/td>\n<\/tr>\n<tr class=\"row-138\">\n\t<td class=\"column-1\">1899 a 1902<\/td><td class=\"column-2\">Col\u00f4mbia<\/td><td class=\"column-3\"><strong>Guerra dos Mil Dias<\/strong> entre liberais e conservadores.<\/td>\n<\/tr>\n<tr class=\"row-139\">\n\t<td class=\"column-1\">outubro de 1899  a  maio de 1902<\/td><td class=\"column-2\">\u00c1frica do Sul<\/td><td class=\"column-3\"><strong>Segunda Guerra dos B\u00f4ers<\/strong>: ingleses derrotam os b\u00f4ers (colonos descendentes de holandeses) do <strong>Orange<\/strong> e do <strong>Transvaal<\/strong> e incorporam os dois estados ao Imp\u00e9rio Brit\u00e2nico.<\/td>\n<\/tr>\n<tr class=\"row-140\">\n\t<td class=\"column-1\">1900 a 1920<\/td><td class=\"column-2\">M\u00fasica<\/td><td class=\"column-3\">Per\u00edodo \u00e1ureo do g\u00eanero musical denominado <em>ragtime<\/em> que, juntamente com o <em>blues<\/em>, muito influenciou o <em>jazz<\/em>.<\/td>\n<\/tr>\n<tr class=\"row-141\">\n\t<td class=\"column-1\">1900<\/td><td class=\"column-2\">Medicina<\/td><td class=\"column-3\"><strong>Sigmund Freud<\/strong>, m\u00e9dico neurologista austr\u00edaco e criador da <strong>Psican\u00e1lise<\/strong>, publica <strong><em>\"A Interpreta\u00e7\u00e3o dos Sonhos\"<\/em><\/strong>.<\/td>\n<\/tr>\n<tr class=\"row-142\">\n\t<td class=\"column-1\">maio a outubro, 1900<\/td><td class=\"column-2\">Esporte<\/td><td class=\"column-3\"><strong>II Jogos Ol\u00edmpicos<\/strong> dos tempos modernos realizados em <strong>Paris<\/strong>.<\/td>\n<\/tr>\n<tr class=\"row-143\">\n\t<td class=\"column-1\">29 de julho, 1900<\/td><td class=\"column-2\">It\u00e1lia<\/td><td class=\"column-3\">Rei <strong>Humberto I<\/strong> \u00e9 assassinado em Monza, cidade pr\u00f3xima a Mil\u00e3o, pelo anarquista italiano residente nos Estados Unidos, <strong>Gaetano Bresci<\/strong>.<\/td>\n<\/tr>\n<\/tbody>\n<\/table>\n<!-- #tablepress-63 from cache -->\n","protected":false},"excerpt":{"rendered":"","protected":false},"author":1,"featured_media":6703,"parent":223,"menu_order":10,"comment_status":"closed","ping_status":"closed","template":"full-width.php","meta":{"footnotes":""},"class_list":["post-245","page","type-page","status-publish","has-post-thumbnail","hentry"],"_links":{"self":[{"href":"https:\/\/cluny.com.br\/index.php?rest_route=\/wp\/v2\/pages\/245","targetHints":{"allow":["GET"]}}],"collection":[{"href":"https:\/\/cluny.com.br\/index.php?rest_route=\/wp\/v2\/pages"}],"about":[{"href":"https:\/\/cluny.com.br\/index.php?rest_route=\/wp\/v2\/types\/page"}],"author":[{"embeddable":true,"href":"https:\/\/cluny.com.br\/index.php?rest_route=\/wp\/v2\/users\/1"}],"replies":[{"embeddable":true,"href":"https:\/\/cluny.com.br\/index.php?rest_route=%2Fwp%2Fv2%2Fcomments&post=245"}],"version-history":[{"count":1,"href":"https:\/\/cluny.com.br\/index.php?rest_route=\/wp\/v2\/pages\/245\/revisions"}],"predecessor-version":[{"id":3714,"href":"https:\/\/cluny.com.br\/index.php?rest_route=\/wp\/v2\/pages\/245\/revisions\/3714"}],"up":[{"embeddable":true,"href":"https:\/\/cluny.com.br\/index.php?rest_route=\/wp\/v2\/pages\/223"}],"wp:featuredmedia":[{"embeddable":true,"href":"https:\/\/cluny.com.br\/index.php?rest_route=\/wp\/v2\/media\/6703"}],"wp:attachment":[{"href":"https:\/\/cluny.com.br\/index.php?rest_route=%2Fwp%2Fv2%2Fmedia&parent=245"}],"curies":[{"name":"wp","href":"https:\/\/api.w.org\/{rel}","templated":true}]}}